{"id":21188,"date":"2021-09-17T13:16:58","date_gmt":"2021-09-17T11:16:58","guid":{"rendered":"https:\/\/miranza.es\/?page_id=21188"},"modified":"2024-05-02T08:59:14","modified_gmt":"2024-05-02T06:59:14","slug":"international-patient-passeig-mallorca-no","status":"publish","type":"page","link":"https:\/\/miranza.es\/en\/international-patient-passeig-mallorca-no\/","title":{"rendered":"International patient &#8211; Passeig Mallorca NO"},"content":{"rendered":"\n<div class=\"wp-block-hacce-wrapper bgImagenCenter\" style=\"background-image:url(https:\/\/miranza.es\/wp-content\/uploads\/2021\/09\/passeig-mallorca-miranza.jpg)\"><div class=\"container\">\n<div style=\"height:250px\" aria-hidden=\"true\" class=\"wp-block-spacer\"><\/div>\n\n\n\n<div style=\"height:350px\" aria-hidden=\"true\" class=\"wp-block-spacer d-none d-lg-block\"><\/div>\n<\/div><\/div>\n\n\n\n<div class=\"wp-block-hacce-wrapper bggris py-5\"><div class=\"container\">\n<div class=\"wp-block-hacce-wrapper row justify-content-center\">\n<div class=\"wp-block-hacce-wrapper col-lg-10 col-xl-8\">\n<h1 class=\"has-text-align-center wp-block-heading\"><strong><strong>Internasjonale pasienter p\u00e5 Miranza Passeig Mallorca<\/strong><\/strong><\/h1>\n<\/div>\n<\/div>\n<\/div><\/div>\n\n\n\n<div class=\"wp-block-hacce-wrapper bgImagenCenter has-white-color\" style=\"background-color:#04192d;background-image:url(https:\/\/miranza.es\/wp-content\/uploads\/2021\/09\/passeig-mallorca-fondo.jpg)\"><div class=\"container\">\n<div class=\"wp-block-hacce-wrapper row justify-content-center\">\n<div class=\"wp-block-hacce-wrapper col-lg-4 offset-lg-6\" style=\"background-color:#04192d\">\n<div style=\"height:80px\" aria-hidden=\"true\" class=\"wp-block-spacer\"><\/div>\n\n\n\n<h3 class=\"wp-block-heading\"><mark style=\"background-color:rgba(0, 0, 0, 0);color:#73cf91\" class=\"has-inline-color\"><strong>Internasjonale pasienters erfaringer<\/strong><\/mark><\/h3>\n\n\n\n<p>\u00c5 garantere deg den beste erfaring fra visitten ved v\u00e5rt senter er v\u00e5r prioritet. Derfor tilbyr vi v\u00e5re internasjonale pasienter flerspr\u00e5klig behandling og ledsagelse av v\u00e5re tolker. Den internasjonale avdelingen hos Miranza Passeig Mallorca hjelper deg gjerne med informasjon og med \u00e5 avklare enhver tvil du m\u00e5tte ha vedr\u00f8rende \u00f8yesymptomer, behandlingsalternativer og oppf\u00f8lging.<\/p>\n\n\n\n<p><mark style=\"background-color:rgba(0, 0, 0, 0);color:#73cf91\" class=\"has-inline-color\">FORTELL OSS:<\/mark><br>Eileen Reich<br>eileen.reich@miranza.es<br>T. +34 722 832 827<\/p>\n\n\n\n<div style=\"height:80px\" aria-hidden=\"true\" class=\"wp-block-spacer\"><\/div>\n<\/div>\n<\/div>\n<\/div><\/div>\n\n\n\n<div class=\"wp-block-hacce-wrapper bggris py-5\"><div class=\"container\">\n<div class=\"wp-block-hacce-wrapper row align-items-center\">\n<div class=\"wp-block-hacce-wrapper col-lg-6 pr-5\">\n<h2 class=\"pr-5 wp-block-heading\"><strong>Vi samarbeider med alle internasjonale forsikringer<\/strong><\/h2>\n\n\n\n<p class=\"pr-5\">Hvis du har en helseforsikring eller internasjonal reiseforsikring, forh\u00f8r deg hos Miranza-klinikken og vi ser om den oftalmologiske behandlingen dekkes uten behov for \u00f8konomisk bidrag fra din side.<\/p>\n<\/div>\n\n\n\n<div class=\"wp-block-hacce-wrapper col-lg-6 py-4\"><div class=\"wp-block-image\">\n<figure class=\"aligncenter size-full is-resized\"><img loading=\"lazy\" decoding=\"async\" src=\"https:\/\/miranza.es\/wp-content\/uploads\/2021\/09\/seguros-internacional.png\" alt=\"\" class=\"wp-image-21063\" width=\"300\" height=\"299\" srcset=\"https:\/\/miranza.es\/wp-content\/uploads\/2021\/09\/seguros-internacional.png 600w, https:\/\/miranza.es\/wp-content\/uploads\/2021\/09\/seguros-internacional-300x300.png 300w, https:\/\/miranza.es\/wp-content\/uploads\/2021\/09\/seguros-internacional-150x150.png 150w\" sizes=\"auto, (max-width: 300px) 100vw, 300px\" \/><\/figure><\/div><\/div>\n<\/div>\n<\/div><\/div>\n\n\n\n<div id=\"landing-internacional-equipo\" class=\"wp-block-hacce-wrapper bggris py-5\"><div class=\"container\">\n<div class=\"wp-block-hacce-wrapper row justify-content-center\">\n<div class=\"wp-block-hacce-wrapper col-lg-12\">\n<h2 class=\"pr-5 wp-block-heading\"><strong>Dekning innen alle omr\u00e5der i oftalmologi<\/strong><\/h2>\n\n\n\n<p>V\u00e5rt legeteam er spesialisert for \u00e5 behandle alle okul\u00e6re strukturer med maksimal presisjon og dermed gi de beste resultater innen refraktiv kirurgi, operasjoner av katarakt, hornhinne, gr\u00e5 st\u00e6r, netthinne og barneoftalmologi &#8230; I tillegg behandler vi ogs\u00e5 estetiske problemer med \u00f8yelokkene og den \u00f8vre tredjedelen av ansiktet ved hjelp av okuloplastiske kirurger, de fagfolk som er i besittelse av mest kunnskap om omr\u00e5det rundt \u00f8ynene og de som vil gi deg f\u00f8lelsen av \u00e5 v\u00e6re i de beste hender. I tillegg til v\u00e5re oftalmologers erfaring kommer effektivitet og sikkerhet i kraft av teknologisk innovasjon i bruk p\u00e5 senteret til Miranza Passeig Mallorca hvor du har tilgjengelig toppmoderne utstyr, inkludert nyvinninger slik som IPL og CO2-laser for \u00e5 gj\u00f8re blikket yngre.<\/p>\n<\/div>\n<\/div>\n\n\n\n<p class=\"has-text-align-right enlace\"><a href=\"\/en\/our-eye-clinics\/miranza-passeig-mallorca\/#clinicaDoctores\">Oversikt over legeteamet<\/a><\/p>\n<\/div><\/div>\n\n\n\n<div id=\"\" class=\"wp-block-hacce-wrapper py-5 has-white-color\" style=\"background-color:#04192d\"><div class=\"container\">\n<div class=\"wp-block-hacce-wrapper row justify-content-center\">\n<div class=\"wp-block-hacce-wrapper col-lg-12\" style=\"background-color:#04192d\">\n<div class=\"wp-block-columns is-layout-flex wp-container-core-columns-is-layout-9d6595d7 wp-block-columns-is-layout-flex\">\n<div class=\"wp-block-column is-layout-flow wp-block-column-is-layout-flow\">\n<figure class=\"wp-block-image size-full\"><img loading=\"lazy\" decoding=\"async\" width=\"600\" height=\"450\" src=\"https:\/\/miranza.es\/wp-content\/uploads\/2021\/09\/passeig-mallorca-clinica.jpg\" alt=\"\" class=\"wp-image-21175\" srcset=\"https:\/\/miranza.es\/wp-content\/uploads\/2021\/09\/passeig-mallorca-clinica.jpg 600w, https:\/\/miranza.es\/wp-content\/uploads\/2021\/09\/passeig-mallorca-clinica-300x225.jpg 300w\" sizes=\"auto, (max-width: 600px) 100vw, 600px\" \/><\/figure>\n<\/div>\n\n\n\n<div class=\"wp-block-column is-vertically-aligned-center is-layout-flow wp-block-column-is-layout-flow\">\n<p>Miranza Passeig Mallorca, tidligere UOB <strong>(Unidad Oftalmol\u00f3gica Balear), har 35 \u00e5rs erfaring som <\/strong>refansesenter innenfor diagnostikk og behandling av \u00f8yesykdommer. Fra sin begynnelse som en del av Cl\u00ednica Palmaplanas i Palma de Mallorca, har senteret i l\u00f8pet av sine over tre ti\u00e5r v\u00e6rt i forfronten i bruk av Lasik og teknikker for refraktiv kirurgi p\u00e5 \u00f8ya og en pioner innenfor <strong>poliklinisk kirurgi<\/strong> (uten innleggelse) av gr\u00e5 st\u00e6r, samt b\u00e5de medisinsk og kirurgisk behandling av glaukomer og netthinnesykdommer.&nbsp;<\/p>\n\n\n\n<p>I dag er Miranza Passeig Mallorca et nasjonalt referansesenter innenfor hornhinnekirurgi, ved hjelp av avanserte teknikker for<strong> selektiv transplantasjon av hornhinne, som<\/strong> forbedrer resultatene av kirurgi og oppn\u00e5r en rask visuell rehabilitering. Klinikken har et komplett medisinsk team, ledet av <a href=\"\/en\/our-team\/ophthalmological-specialists\/emeterio-orduna-domingo\/\">Dr. Emeterio Ordu\u00f1a Domingo<\/a> og tilgang til de mest avanserte teknologiske l\u00f8sningene.<\/p>\n<\/div>\n<\/div>\n<\/div>\n<\/div>\n<\/div><\/div>\n\n\n\n<div id=\"landing-internacional-problemas\" class=\"wp-block-hacce-wrapper py-5\"><div class=\"container\">\n<h3 class=\"has-text-align-center wp-block-heading\"><strong>Okul\u00e6re hovedproblemer som vi behandler<\/strong><\/h3>\n\n\n\n<div style=\"height:60px\" aria-hidden=\"true\" class=\"wp-block-spacer\"><\/div>\n\n\n\n<div class=\"wp-block-hacce-wrapper row\">\n<div class=\"wp-block-hacce-wrapper col-md-6 col-xl-3 mb-4\">\n<figure class=\"wp-block-image size-full mb-0\"><img loading=\"lazy\" decoding=\"async\" width=\"510\" height=\"510\" src=\"https:\/\/miranza.es\/wp-content\/uploads\/2021\/09\/catarata.jpg\" alt=\"\" class=\"wp-image-21079\" srcset=\"https:\/\/miranza.es\/wp-content\/uploads\/2021\/09\/catarata.jpg 510w, https:\/\/miranza.es\/wp-content\/uploads\/2021\/09\/catarata-300x300.jpg 300w, https:\/\/miranza.es\/wp-content\/uploads\/2021\/09\/catarata-150x150.jpg 150w\" sizes=\"auto, (max-width: 510px) 100vw, 510px\" \/><\/figure>\n\n\n\n<div class=\"wp-block-group bggris p-3 landing-neuro-card-txt\"><div class=\"wp-block-group__inner-container is-layout-flow wp-block-group-is-layout-flow\">\n<h6 class=\"wp-block-heading\"><mark style=\"background-color:rgba(0, 0, 0, 0);color:#73cf91\" class=\"has-inline-color\">GRA ST<\/mark><mark style=\"background-color:rgba(0, 0, 0, 0);color:#71cf93\" class=\"has-inline-color\">\u00c6R<\/mark><\/h6>\n\n\n\n<p>Tap av \u00f8yelinsens klarhet skyldes vanligvis alder, selv om det finnes andre \u00e5rsaker. Desto lengre en venter med inngrip, desto mer begrenses syn og pasientens hverdagsliv.&nbsp;<\/p>\n<\/div><\/div>\n<\/div>\n\n\n\n<div class=\"wp-block-hacce-wrapper col-md-6 col-xl-3 mb-4\">\n<figure class=\"wp-block-image size-full mb-0\"><img loading=\"lazy\" decoding=\"async\" width=\"510\" height=\"510\" src=\"https:\/\/miranza.es\/wp-content\/uploads\/2021\/09\/Defectos-refractivos.jpg\" alt=\"\" class=\"wp-image-21085\" srcset=\"https:\/\/miranza.es\/wp-content\/uploads\/2021\/09\/Defectos-refractivos.jpg 510w, https:\/\/miranza.es\/wp-content\/uploads\/2021\/09\/Defectos-refractivos-300x300.jpg 300w, https:\/\/miranza.es\/wp-content\/uploads\/2021\/09\/Defectos-refractivos-150x150.jpg 150w\" sizes=\"auto, (max-width: 510px) 100vw, 510px\" \/><\/figure>\n\n\n\n<div class=\"wp-block-group bggris p-3 landing-neuro-card-txt\"><div class=\"wp-block-group__inner-container is-layout-flow wp-block-group-is-layout-flow\">\n<h6 class=\"wp-block-heading\"><mark style=\"background-color:rgba(0, 0, 0, 0);color:#73cf91\" class=\"has-inline-color\">REFRAKTIVE DEFEKTER<\/mark><\/h6>\n\n\n\n<p>n\u00e6rsynthet, langsynthet, skjeve hornhinner og presbyopi skyldes fokuseringsproblemer som kan korrigeres med kirurgi for \u00e5 v\u00e6re mindre avhengig av briller.<\/p>\n<\/div><\/div>\n<\/div>\n\n\n\n<div class=\"wp-block-hacce-wrapper col-md-6 col-xl-3 mb-4\">\n<figure class=\"wp-block-image size-full mb-0\"><img loading=\"lazy\" decoding=\"async\" width=\"510\" height=\"510\" src=\"https:\/\/miranza.es\/wp-content\/uploads\/2021\/09\/probl-esteticos.jpg\" alt=\"\" class=\"wp-image-21106\" srcset=\"https:\/\/miranza.es\/wp-content\/uploads\/2021\/09\/probl-esteticos.jpg 510w, https:\/\/miranza.es\/wp-content\/uploads\/2021\/09\/probl-esteticos-300x300.jpg 300w, https:\/\/miranza.es\/wp-content\/uploads\/2021\/09\/probl-esteticos-150x150.jpg 150w\" sizes=\"auto, (max-width: 510px) 100vw, 510px\" \/><\/figure>\n\n\n\n<div class=\"wp-block-group bggris p-3 landing-neuro-card-txt\"><div class=\"wp-block-group__inner-container is-layout-flow wp-block-group-is-layout-flow\">\n<h6 class=\"wp-block-heading\"><mark style=\"background-color:rgba(0, 0, 0, 0);color:#73cf91\" class=\"has-inline-color\">ESTETISKE PROBLEMER<\/mark><\/h6>\n\n\n\n<p>&#8220;poser&#8221; p\u00e5 \u00f8yelokket og andre problemer som gj\u00f8r at blikket virker eldre og trett, gj\u00f8res bedre med estetiske teknikker som tar vare p\u00e5 den okul\u00e6re helsen.<\/p>\n<\/div><\/div>\n<\/div>\n\n\n\n<div class=\"wp-block-hacce-wrapper col-md-6 col-xl-3 mb-4\">\n<figure class=\"wp-block-image size-full mb-0\"><img loading=\"lazy\" decoding=\"async\" width=\"510\" height=\"510\" src=\"https:\/\/miranza.es\/wp-content\/uploads\/2021\/09\/queratocono.jpg\" alt=\"\" class=\"wp-image-21108\" srcset=\"https:\/\/miranza.es\/wp-content\/uploads\/2021\/09\/queratocono.jpg 510w, https:\/\/miranza.es\/wp-content\/uploads\/2021\/09\/queratocono-300x300.jpg 300w, https:\/\/miranza.es\/wp-content\/uploads\/2021\/09\/queratocono-150x150.jpg 150w\" sizes=\"auto, (max-width: 510px) 100vw, 510px\" \/><\/figure>\n\n\n\n<div class=\"wp-block-group bggris p-3 landing-neuro-card-txt\"><div class=\"wp-block-group__inner-container is-layout-flow wp-block-group-is-layout-flow\">\n<h6 class=\"wp-block-heading\"><mark style=\"background-color:rgba(0, 0, 0, 0);color:#73cf91\" class=\"has-inline-color\">KERATOKONUS<\/mark><\/h6>\n\n\n\n<p>deformasjon av hornhinnen som vanligvis forekommer hos unge mennesker, og, dersom tilstanden utvikler seg til avanserte stadier, kan kreve hornhinnetransplantasjon for \u00e5 f\u00e5 tilbake synet.<\/p>\n<\/div><\/div>\n<\/div>\n\n\n\n<div class=\"wp-block-hacce-wrapper col-md-6 col-xl-3 mb-4\">\n<figure class=\"wp-block-image size-full mb-0\"><img loading=\"lazy\" decoding=\"async\" width=\"510\" height=\"510\" src=\"https:\/\/miranza.es\/wp-content\/uploads\/2021\/09\/Desprendimiento-retina.jpg\" alt=\"\" class=\"wp-image-21087\" srcset=\"https:\/\/miranza.es\/wp-content\/uploads\/2021\/09\/Desprendimiento-retina.jpg 510w, https:\/\/miranza.es\/wp-content\/uploads\/2021\/09\/Desprendimiento-retina-300x300.jpg 300w, https:\/\/miranza.es\/wp-content\/uploads\/2021\/09\/Desprendimiento-retina-150x150.jpg 150w\" sizes=\"auto, (max-width: 510px) 100vw, 510px\" \/><\/figure>\n\n\n\n<div class=\"wp-block-group bggris p-3 landing-neuro-card-txt\"><div class=\"wp-block-group__inner-container is-layout-flow wp-block-group-is-layout-flow\">\n<h6 class=\"wp-block-heading\"><mark style=\"background-color:rgba(0, 0, 0, 0);color:#73cf91\" class=\"has-inline-color\">NETTHINNEAVL\u00d8SNING<\/mark><\/h6>\n\n\n\n<p>kan utgj\u00f8re en alvorlig trussel for synet, og skal straks opereres av ekspert for \u00e5 garantere den beste prognose og redusere faren for \u00e5 gjenta problemet.<\/p>\n<\/div><\/div>\n<\/div>\n\n\n\n<div class=\"wp-block-hacce-wrapper col-md-6 col-xl-3 mb-4\">\n<figure class=\"wp-block-image size-full mb-0\"><img loading=\"lazy\" decoding=\"async\" width=\"510\" height=\"510\" src=\"https:\/\/miranza.es\/wp-content\/uploads\/2021\/09\/RetINOPATIA-DIABETICA.jpg\" alt=\"\" class=\"wp-image-21110\" srcset=\"https:\/\/miranza.es\/wp-content\/uploads\/2021\/09\/RetINOPATIA-DIABETICA.jpg 510w, https:\/\/miranza.es\/wp-content\/uploads\/2021\/09\/RetINOPATIA-DIABETICA-300x300.jpg 300w, https:\/\/miranza.es\/wp-content\/uploads\/2021\/09\/RetINOPATIA-DIABETICA-150x150.jpg 150w\" sizes=\"auto, (max-width: 510px) 100vw, 510px\" \/><\/figure>\n\n\n\n<div class=\"wp-block-group bggris p-3 landing-neuro-card-txt\"><div class=\"wp-block-group__inner-container is-layout-flow wp-block-group-is-layout-flow\">\n<h6 class=\"wp-block-heading\"><mark style=\"background-color:rgba(0, 0, 0, 0);color:#73cf91\" class=\"has-inline-color\">DIABETISK RETINOPATI<\/mark><\/h6>\n\n\n\n<p>lesjoner i bunnen av \u00f8yet p\u00e5 grunn av diabetes som for\u00e5rsaker en st\u00f8rre fare for okul\u00e6re komplikasjoner desto lengre sykdommen har forl\u00f8pt eller desto d\u00e5rligere den er kontrollert.<\/p>\n<\/div><\/div>\n<\/div>\n\n\n\n<div class=\"wp-block-hacce-wrapper col-md-6 col-xl-3 mb-4\">\n<figure class=\"wp-block-image size-full mb-0\"><img loading=\"lazy\" decoding=\"async\" width=\"510\" height=\"510\" src=\"https:\/\/miranza.es\/wp-content\/uploads\/2021\/09\/glaucoma.jpg\" alt=\"\" class=\"wp-image-21089\" srcset=\"https:\/\/miranza.es\/wp-content\/uploads\/2021\/09\/glaucoma.jpg 510w, https:\/\/miranza.es\/wp-content\/uploads\/2021\/09\/glaucoma-300x300.jpg 300w, https:\/\/miranza.es\/wp-content\/uploads\/2021\/09\/glaucoma-150x150.jpg 150w\" sizes=\"auto, (max-width: 510px) 100vw, 510px\" \/><\/figure>\n\n\n\n<div class=\"wp-block-group bggris p-3 landing-neuro-card-txt\"><div class=\"wp-block-group__inner-container is-layout-flow wp-block-group-is-layout-flow\">\n<h6 class=\"wp-block-heading\"><mark style=\"background-color:rgba(0, 0, 0, 0);color:#73cf91\" class=\"has-inline-color\">GR\u00d8NN ST\u00c6R<\/mark><\/h6>\n\n\n\n<p>er hoved\u00e5rsaken til irreversibel blindhet, men hvis denne gradvise skaden av den optiske nerven diagnostikeres og behandles tidsnok, kan den kontrolleres for \u00e5 unng\u00e5 synstap.<\/p>\n<\/div><\/div>\n<\/div>\n\n\n\n<div class=\"wp-block-hacce-wrapper col-md-6 col-xl-3 mb-4\">\n<figure class=\"wp-block-image size-full mb-0\"><img loading=\"lazy\" decoding=\"async\" width=\"510\" height=\"510\" src=\"https:\/\/miranza.es\/wp-content\/uploads\/2021\/09\/Traumatismo_suturada.jpg\" alt=\"\" class=\"wp-image-21114\" srcset=\"https:\/\/miranza.es\/wp-content\/uploads\/2021\/09\/Traumatismo_suturada.jpg 510w, https:\/\/miranza.es\/wp-content\/uploads\/2021\/09\/Traumatismo_suturada-300x300.jpg 300w, https:\/\/miranza.es\/wp-content\/uploads\/2021\/09\/Traumatismo_suturada-150x150.jpg 150w\" sizes=\"auto, (max-width: 510px) 100vw, 510px\" \/><\/figure>\n\n\n\n<div class=\"wp-block-group bggris p-3 landing-neuro-card-txt\"><div class=\"wp-block-group__inner-container is-layout-flow wp-block-group-is-layout-flow\">\n<h6 class=\"wp-block-heading\"><mark style=\"background-color:rgba(0, 0, 0, 0);color:#73cf91\" class=\"has-inline-color\">TUMOREG OG TRAUMER<\/mark><\/h6>\n\n\n\n<p>prammer forskjellige okul\u00e6re strukturer, og ekspertbehandling, som krever komplekse kirurgiske inngrep i noen tilfeller, kan v\u00e6re avgj\u00f8rende for \u00e5 redde synet.<\/p>\n<\/div><\/div>\n<\/div>\n<\/div>\n\n\n\n<p class=\"has-text-align-right enlace\"><a href=\"\/en\/eye-diseases\/eye-pathologies\/\">Vis mer<\/a><\/p>\n<\/div><\/div>\n\n\n\n<div id=\"landing-internacional-tratamientos\" class=\"wp-block-hacce-wrapper py-5\"><div class=\"container\">\n<h3 class=\"has-text-align-center wp-block-heading\"><strong>Utvalgte behandlinger hos <strong><strong><strong>Miranza <strong>Passeig Mallorca<\/strong><\/strong><\/strong><\/strong><\/strong><\/h3>\n\n\n\n<div style=\"height:60px\" aria-hidden=\"true\" class=\"wp-block-spacer\"><\/div>\n\n\n\n<div class=\"wp-block-hacce-wrapper row\">\n<div class=\"wp-block-hacce-wrapper col-md-6 col-xl-3 mb-4\">\n<figure class=\"wp-block-image size-full mb-0\"><img loading=\"lazy\" decoding=\"async\" width=\"510\" height=\"510\" src=\"https:\/\/miranza.es\/wp-content\/uploads\/2021\/09\/cirugia-catarata.jpg\" alt=\"\" class=\"wp-image-21081\" srcset=\"https:\/\/miranza.es\/wp-content\/uploads\/2021\/09\/cirugia-catarata.jpg 510w, https:\/\/miranza.es\/wp-content\/uploads\/2021\/09\/cirugia-catarata-300x300.jpg 300w, https:\/\/miranza.es\/wp-content\/uploads\/2021\/09\/cirugia-catarata-150x150.jpg 150w\" sizes=\"auto, (max-width: 510px) 100vw, 510px\" \/><\/figure>\n\n\n\n<div class=\"wp-block-group bggris p-3 landing-neuro-card-txt\"><div class=\"wp-block-group__inner-container is-layout-flow wp-block-group-is-layout-flow\">\n<h6 class=\"wp-block-heading\"><mark style=\"background-color:rgba(0, 0, 0, 0);color:#73cf91\" class=\"has-inline-color\">KATARAKTKIRUGI<\/mark><\/h6>\n\n\n\n<p>takket v\u00e6re den nyeste teknologi tilbyr vi sv\u00e6rt sikre og effektive resultater for \u00e5 se klart igjen og redusere eller ogs\u00e5 \u00e5 gi avkall p\u00e5 bruken av briller etter operasjonen.&nbsp;<\/p>\n<\/div><\/div>\n<\/div>\n\n\n\n<div class=\"wp-block-hacce-wrapper col-md-6 col-xl-3 mb-4\">\n<figure class=\"wp-block-image size-full mb-0\"><img loading=\"lazy\" decoding=\"async\" width=\"510\" height=\"510\" src=\"https:\/\/miranza.es\/wp-content\/uploads\/2021\/09\/cirugia-refractiva-laser.jpg\" alt=\"\" class=\"wp-image-21083\" srcset=\"https:\/\/miranza.es\/wp-content\/uploads\/2021\/09\/cirugia-refractiva-laser.jpg 510w, https:\/\/miranza.es\/wp-content\/uploads\/2021\/09\/cirugia-refractiva-laser-300x300.jpg 300w, https:\/\/miranza.es\/wp-content\/uploads\/2021\/09\/cirugia-refractiva-laser-150x150.jpg 150w\" sizes=\"auto, (max-width: 510px) 100vw, 510px\" \/><\/figure>\n\n\n\n<div class=\"wp-block-group bggris p-3 landing-neuro-card-txt\"><div class=\"wp-block-group__inner-container is-layout-flow wp-block-group-is-layout-flow\">\n<h6 class=\"wp-block-heading\"><mark style=\"background-color:rgba(0, 0, 0, 0);color:#73cf91\" class=\"has-inline-color\">REFRAKTIV KIRURGI<\/mark><\/h6>\n\n\n\n<p>v\u00e5re spesialister er ledende b\u00e5de innen laserkirurgi og transplantasjon av intraokul\u00e6re linser. Vi tilpasser teknikken hver enkelt for \u00e5 oppn\u00e5 maksimal tilfredshet i hvert tilfelle.<\/p>\n<\/div><\/div>\n<\/div>\n\n\n\n<div class=\"wp-block-hacce-wrapper col-md-6 col-xl-3 mb-4\">\n<figure class=\"wp-block-image size-full mb-0\"><img loading=\"lazy\" decoding=\"async\" width=\"510\" height=\"510\" src=\"https:\/\/miranza.es\/wp-content\/uploads\/2021\/09\/Blefaroplastia.jpg\" alt=\"\" class=\"wp-image-21077\" srcset=\"https:\/\/miranza.es\/wp-content\/uploads\/2021\/09\/Blefaroplastia.jpg 510w, https:\/\/miranza.es\/wp-content\/uploads\/2021\/09\/Blefaroplastia-300x300.jpg 300w, https:\/\/miranza.es\/wp-content\/uploads\/2021\/09\/Blefaroplastia-150x150.jpg 150w\" sizes=\"auto, (max-width: 510px) 100vw, 510px\" \/><\/figure>\n\n\n\n<div class=\"wp-block-group bggris p-3 landing-neuro-card-txt\"><div class=\"wp-block-group__inner-container is-layout-flow wp-block-group-is-layout-flow\">\n<h6 class=\"wp-block-heading\"><mark style=\"background-color:rgba(0, 0, 0, 0);color:#73cf91\" class=\"has-inline-color\">BLEFAROPLASTI<\/mark><\/h6>\n\n\n\n<p>er den mest etterspurte estetiske \u00f8yelokkoperasjonen og en av v\u00e5re spesialiteter innen okuloplastikk. Vi bruker teknikker uten synlige merker p\u00e5 ansiktet og alle garantier for \u00f8yet.&nbsp;<\/p>\n<\/div><\/div>\n<\/div>\n\n\n\n<div class=\"wp-block-hacce-wrapper col-md-6 col-xl-3 mb-4\">\n<figure class=\"wp-block-image size-full mb-0\"><img loading=\"lazy\" decoding=\"async\" width=\"510\" height=\"510\" src=\"https:\/\/miranza.es\/wp-content\/uploads\/2021\/09\/trasplante-cornea.jpg\" alt=\"\" class=\"wp-image-21112\" srcset=\"https:\/\/miranza.es\/wp-content\/uploads\/2021\/09\/trasplante-cornea.jpg 510w, https:\/\/miranza.es\/wp-content\/uploads\/2021\/09\/trasplante-cornea-300x300.jpg 300w, https:\/\/miranza.es\/wp-content\/uploads\/2021\/09\/trasplante-cornea-150x150.jpg 150w\" sizes=\"auto, (max-width: 510px) 100vw, 510px\" \/><\/figure>\n\n\n\n<div class=\"wp-block-group bggris p-3 landing-neuro-card-txt\"><div class=\"wp-block-group__inner-container is-layout-flow wp-block-group-is-layout-flow\">\n<h6 class=\"wp-block-heading\"><mark style=\"background-color:rgba(0, 0, 0, 0);color:#73cf91\" class=\"has-inline-color\">HORNHINNETRANSPLANTAT<\/mark><\/h6>\n\n\n\n<p>vi realiserer selektive teknikker som er minimalt invasive, og som gir bedre visuelle resultater, fremskynder helbredelsen og reduserer faren for avvisning.<\/p>\n<\/div><\/div>\n<\/div>\n\n\n\n<div class=\"wp-block-hacce-wrapper col-md-6 col-xl-3 mb-4\">\n<figure class=\"wp-block-image size-full mb-0\"><img loading=\"lazy\" decoding=\"async\" width=\"510\" height=\"510\" src=\"https:\/\/miranza.es\/wp-content\/uploads\/2021\/09\/operacion-retina.jpg\" alt=\"\" class=\"wp-image-21103\" srcset=\"https:\/\/miranza.es\/wp-content\/uploads\/2021\/09\/operacion-retina.jpg 510w, https:\/\/miranza.es\/wp-content\/uploads\/2021\/09\/operacion-retina-300x300.jpg 300w, https:\/\/miranza.es\/wp-content\/uploads\/2021\/09\/operacion-retina-150x150.jpg 150w\" sizes=\"auto, (max-width: 510px) 100vw, 510px\" \/><\/figure>\n\n\n\n<div class=\"wp-block-group bggris p-3 landing-neuro-card-txt\"><div class=\"wp-block-group__inner-container is-layout-flow wp-block-group-is-layout-flow\">\n<h6 class=\"wp-block-heading\"><mark style=\"background-color:rgba(0, 0, 0, 0);color:#73cf91\" class=\"has-inline-color\">VITREKTOMI<\/mark><\/h6>\n\n\n\n<p>er hovedteknikken innen mikrokirurgi for \u00e5 behandle sykdommer i glasslegemet og netthinnen. Oftalmologene hos Miranza er foregangsklinikk innen innf\u00f8ring og utvikling av teknikken i Spania.&nbsp;<\/p>\n<\/div><\/div>\n<\/div>\n\n\n\n<div class=\"wp-block-hacce-wrapper col-md-6 col-xl-3 mb-4\">\n<figure class=\"wp-block-image size-full mb-0\"><img loading=\"lazy\" decoding=\"async\" width=\"510\" height=\"510\" src=\"https:\/\/miranza.es\/wp-content\/uploads\/2021\/09\/LimboAgency.jpg\" alt=\"\" class=\"wp-image-21097\" srcset=\"https:\/\/miranza.es\/wp-content\/uploads\/2021\/09\/LimboAgency.jpg 510w, https:\/\/miranza.es\/wp-content\/uploads\/2021\/09\/LimboAgency-300x300.jpg 300w, https:\/\/miranza.es\/wp-content\/uploads\/2021\/09\/LimboAgency-150x150.jpg 150w\" sizes=\"auto, (max-width: 510px) 100vw, 510px\" \/><\/figure>\n\n\n\n<div class=\"wp-block-group bggris p-3 landing-neuro-card-txt\"><div class=\"wp-block-group__inner-container is-layout-flow wp-block-group-is-layout-flow\">\n<h6 class=\"wp-block-heading\"><mark style=\"background-color:rgba(0, 0, 0, 0);color:#73cf91\" class=\"has-inline-color\">GLAUKOMKIRURGI<\/mark><\/h6>\n\n\n\n<p>vi behersker b\u00e5de de nye MIGS-teknikkene (Minimally Invasive Glaucoma Surgery) og mer komplekse kirurgiske inngrep som vi har \u00e5relang erfaring med.<\/p>\n<\/div><\/div>\n<\/div>\n\n\n\n<div class=\"wp-block-hacce-wrapper col-md-6 col-xl-3 mb-4\">\n<figure class=\"wp-block-image size-full mb-0\"><img loading=\"lazy\" decoding=\"async\" width=\"510\" height=\"510\" src=\"https:\/\/miranza.es\/wp-content\/uploads\/2021\/09\/operacion-ojos-ninos.jpg\" alt=\"\" class=\"wp-image-21101\" srcset=\"https:\/\/miranza.es\/wp-content\/uploads\/2021\/09\/operacion-ojos-ninos.jpg 510w, https:\/\/miranza.es\/wp-content\/uploads\/2021\/09\/operacion-ojos-ninos-300x300.jpg 300w, https:\/\/miranza.es\/wp-content\/uploads\/2021\/09\/operacion-ojos-ninos-150x150.jpg 150w\" sizes=\"auto, (max-width: 510px) 100vw, 510px\" \/><\/figure>\n\n\n\n<div class=\"wp-block-group bggris p-3 landing-neuro-card-txt\"><div class=\"wp-block-group__inner-container is-layout-flow wp-block-group-is-layout-flow\">\n<h6 class=\"wp-block-heading\"><mark style=\"background-color:rgba(0, 0, 0, 0);color:#73cf91\" class=\"has-inline-color\">BARNEKIRURGI<\/mark><\/h6>\n\n\n\n<p>vi har et ekspertteam innen oftalmologiske operasjoner hos barn som l\u00f8ser problemene p\u00e5 effektiv m\u00e5te p\u00e5 et tidlig tidspunkt for \u00e5 garantere en god utvikling av barnas syn.&nbsp;<\/p>\n<\/div><\/div>\n<\/div>\n\n\n\n<div class=\"wp-block-hacce-wrapper col-md-6 col-xl-3 mb-4\">\n<figure class=\"wp-block-image size-full mb-0\"><img loading=\"lazy\" decoding=\"async\" width=\"510\" height=\"510\" src=\"https:\/\/miranza.es\/wp-content\/uploads\/2021\/09\/ojoseco.jpg\" alt=\"\" class=\"wp-image-21099\" srcset=\"https:\/\/miranza.es\/wp-content\/uploads\/2021\/09\/ojoseco.jpg 510w, https:\/\/miranza.es\/wp-content\/uploads\/2021\/09\/ojoseco-300x300.jpg 300w, https:\/\/miranza.es\/wp-content\/uploads\/2021\/09\/ojoseco-150x150.jpg 150w\" sizes=\"auto, (max-width: 510px) 100vw, 510px\" \/><\/figure>\n\n\n\n<div class=\"wp-block-group bggris p-3 landing-neuro-card-txt\"><div class=\"wp-block-group__inner-container is-layout-flow wp-block-group-is-layout-flow\">\n<h6 class=\"wp-block-heading\"><mark style=\"background-color:rgba(0, 0, 0, 0);color:#73cf91\" class=\"has-inline-color\">IKKE-KIRURGISKE TEKNIKKER<\/mark><\/h6>\n\n\n\n<p>i tillegg til kirurgiske inngrep tilbyr vi ogs\u00e5 behandlinger p\u00e5 senteret med innovative teknologier for t\u00f8rre \u00f8yne, okul\u00e6r estetikk, laserbehandling for gr\u00f8nn st\u00e6r, netthinnelegemidler &#8230;<\/p>\n<\/div><\/div>\n<\/div>\n<\/div>\n\n\n\n<p class=\"has-text-align-right enlace\"><a href=\"\/en\/our-services\/treatments\/\">Vis mer<\/a><\/p>\n<\/div><\/div>\n","protected":false},"excerpt":{"rendered":"","protected":false},"author":1,"featured_media":0,"parent":0,"menu_order":185,"comment_status":"closed","ping_status":"closed","template":"templates\/template-fullwidth.php","meta":{"_acf_changed":false,"inline_featured_image":false,"footnotes":""},"class_list":["post-21188","page","type-page","status-publish","hentry"],"acf":[],"yoast_head":"<!-- This site is optimized with the Yoast SEO plugin v27.3 - https:\/\/yoast.com\/product\/yoast-seo-wordpress\/ -->\n<title>Miranza Passeig Mallorca. Internasjonal oftalmologi i Mallorca<\/title>\n<meta name=\"description\" content=\"Miranza Passeig Mallorca er den ledende internasjonale \u00f8yeklinikken i Mallorca. Spesialiserte \u00f8yeleger til din disposisjon\" \/>\n<meta name=\"robots\" content=\"index, follow, max-snippet:-1, max-image-preview:large, max-video-preview:-1\" \/>\n<link rel=\"canonical\" href=\"https:\/\/miranza.es\/en\/international-patient-passeig-mallorca-no\/\" \/>\n<meta property=\"og:locale\" content=\"en_US\" \/>\n<meta property=\"og:type\" content=\"article\" \/>\n<meta property=\"og:title\" content=\"Miranza Passeig Mallorca. Internasjonal oftalmologi i Mallorca\" \/>\n<meta property=\"og:description\" content=\"Miranza Passeig Mallorca er den ledende internasjonale \u00f8yeklinikken i Mallorca. Spesialiserte \u00f8yeleger til din disposisjon\" \/>\n<meta property=\"og:url\" content=\"https:\/\/miranza.es\/en\/international-patient-passeig-mallorca-no\/\" \/>\n<meta property=\"og:site_name\" content=\"Miranza\" \/>\n<meta property=\"article:publisher\" content=\"https:\/\/www.facebook.com\/GrupoMiranza\/\" \/>\n<meta property=\"article:modified_time\" content=\"2024-05-02T06:59:14+00:00\" \/>\n<meta property=\"og:image\" content=\"https:\/\/miranza.es\/wp-content\/uploads\/2021\/09\/seguros-internacional.png\" \/>\n<meta name=\"twitter:card\" content=\"summary_large_image\" \/>\n<meta name=\"twitter:site\" content=\"@GrupoMiranza\" \/>\n<meta name=\"twitter:label1\" content=\"Est. reading time\" \/>\n\t<meta name=\"twitter:data1\" content=\"8 minutes\" \/>\n<script type=\"application\/ld+json\" class=\"yoast-schema-graph\">{\"@context\":\"https:\\\/\\\/schema.org\",\"@graph\":[{\"@type\":\"WebPage\",\"@id\":\"https:\\\/\\\/miranza.es\\\/en\\\/international-patient-passeig-mallorca-no\\\/\",\"url\":\"https:\\\/\\\/miranza.es\\\/en\\\/international-patient-passeig-mallorca-no\\\/\",\"name\":\"Miranza Passeig Mallorca. Internasjonal oftalmologi i Mallorca\",\"isPartOf\":{\"@id\":\"https:\\\/\\\/miranza.es\\\/en\\\/#website\"},\"primaryImageOfPage\":{\"@id\":\"https:\\\/\\\/miranza.es\\\/en\\\/international-patient-passeig-mallorca-no\\\/#primaryimage\"},\"image\":{\"@id\":\"https:\\\/\\\/miranza.es\\\/en\\\/international-patient-passeig-mallorca-no\\\/#primaryimage\"},\"thumbnailUrl\":\"https:\\\/\\\/miranza.es\\\/wp-content\\\/uploads\\\/2021\\\/09\\\/seguros-internacional.png\",\"datePublished\":\"2021-09-17T11:16:58+00:00\",\"dateModified\":\"2024-05-02T06:59:14+00:00\",\"description\":\"Miranza Passeig Mallorca er den ledende internasjonale \u00f8yeklinikken i Mallorca. Spesialiserte \u00f8yeleger til din disposisjon\",\"breadcrumb\":{\"@id\":\"https:\\\/\\\/miranza.es\\\/en\\\/international-patient-passeig-mallorca-no\\\/#breadcrumb\"},\"inLanguage\":\"en-US\",\"potentialAction\":[{\"@type\":\"ReadAction\",\"target\":[\"https:\\\/\\\/miranza.es\\\/en\\\/international-patient-passeig-mallorca-no\\\/\"]}]},{\"@type\":\"ImageObject\",\"inLanguage\":\"en-US\",\"@id\":\"https:\\\/\\\/miranza.es\\\/en\\\/international-patient-passeig-mallorca-no\\\/#primaryimage\",\"url\":\"https:\\\/\\\/miranza.es\\\/wp-content\\\/uploads\\\/2021\\\/09\\\/seguros-internacional.png\",\"contentUrl\":\"https:\\\/\\\/miranza.es\\\/wp-content\\\/uploads\\\/2021\\\/09\\\/seguros-internacional.png\"},{\"@type\":\"BreadcrumbList\",\"@id\":\"https:\\\/\\\/miranza.es\\\/en\\\/international-patient-passeig-mallorca-no\\\/#breadcrumb\",\"itemListElement\":[{\"@type\":\"ListItem\",\"position\":1,\"name\":\"Home\",\"item\":\"https:\\\/\\\/miranza.es\\\/en\\\/\"},{\"@type\":\"ListItem\",\"position\":2,\"name\":\"International patient &#8211; Passeig Mallorca NO\"}]},{\"@type\":\"WebSite\",\"@id\":\"https:\\\/\\\/miranza.es\\\/en\\\/#website\",\"url\":\"https:\\\/\\\/miranza.es\\\/en\\\/\",\"name\":\"Miranza\",\"description\":\"Somos tus centros de excelencia, especialistas en bienestar ocular. Estamos a tu lado, creando nuevos horizontes para seguir viendo.\",\"publisher\":{\"@id\":\"https:\\\/\\\/miranza.es\\\/en\\\/#organization\"},\"potentialAction\":[{\"@type\":\"SearchAction\",\"target\":{\"@type\":\"EntryPoint\",\"urlTemplate\":\"https:\\\/\\\/miranza.es\\\/en\\\/?s={search_term_string}\"},\"query-input\":{\"@type\":\"PropertyValueSpecification\",\"valueRequired\":true,\"valueName\":\"search_term_string\"}}],\"inLanguage\":\"en-US\"},{\"@type\":\"Organization\",\"@id\":\"https:\\\/\\\/miranza.es\\\/en\\\/#organization\",\"name\":\"Miranza\",\"url\":\"https:\\\/\\\/miranza.es\\\/en\\\/\",\"logo\":{\"@type\":\"ImageObject\",\"inLanguage\":\"en-US\",\"@id\":\"https:\\\/\\\/miranza.es\\\/en\\\/#\\\/schema\\\/logo\\\/image\\\/\",\"url\":\"https:\\\/\\\/miranza.es\\\/wp-content\\\/uploads\\\/2024\\\/04\\\/logo-miranza.jpg\",\"contentUrl\":\"https:\\\/\\\/miranza.es\\\/wp-content\\\/uploads\\\/2024\\\/04\\\/logo-miranza.jpg\",\"width\":600,\"height\":600,\"caption\":\"Miranza\"},\"image\":{\"@id\":\"https:\\\/\\\/miranza.es\\\/en\\\/#\\\/schema\\\/logo\\\/image\\\/\"},\"sameAs\":[\"https:\\\/\\\/www.facebook.com\\\/GrupoMiranza\\\/\",\"https:\\\/\\\/x.com\\\/GrupoMiranza\",\"https:\\\/\\\/www.instagram.com\\\/grupomiranza\\\/\",\"https:\\\/\\\/www.linkedin.com\\\/company\\\/grupomiranza\",\"https:\\\/\\\/www.youtube.com\\\/channel\\\/UCX2gEI-gOFCbPHZ7QSTkLYQ\\\/featured\"]}]}<\/script>\n<!-- \/ Yoast SEO plugin. -->","yoast_head_json":{"title":"Miranza Passeig Mallorca. Internasjonal oftalmologi i Mallorca","description":"Miranza Passeig Mallorca er den ledende internasjonale \u00f8yeklinikken i Mallorca. Spesialiserte \u00f8yeleger til din disposisjon","robots":{"index":"index","follow":"follow","max-snippet":"max-snippet:-1","max-image-preview":"max-image-preview:large","max-video-preview":"max-video-preview:-1"},"canonical":"https:\/\/miranza.es\/en\/international-patient-passeig-mallorca-no\/","og_locale":"en_US","og_type":"article","og_title":"Miranza Passeig Mallorca. Internasjonal oftalmologi i Mallorca","og_description":"Miranza Passeig Mallorca er den ledende internasjonale \u00f8yeklinikken i Mallorca. Spesialiserte \u00f8yeleger til din disposisjon","og_url":"https:\/\/miranza.es\/en\/international-patient-passeig-mallorca-no\/","og_site_name":"Miranza","article_publisher":"https:\/\/www.facebook.com\/GrupoMiranza\/","article_modified_time":"2024-05-02T06:59:14+00:00","og_image":[{"url":"https:\/\/miranza.es\/wp-content\/uploads\/2021\/09\/seguros-internacional.png","type":"","width":"","height":""}],"twitter_card":"summary_large_image","twitter_site":"@GrupoMiranza","twitter_misc":{"Est. reading time":"8 minutes"},"schema":{"@context":"https:\/\/schema.org","@graph":[{"@type":"WebPage","@id":"https:\/\/miranza.es\/en\/international-patient-passeig-mallorca-no\/","url":"https:\/\/miranza.es\/en\/international-patient-passeig-mallorca-no\/","name":"Miranza Passeig Mallorca. Internasjonal oftalmologi i Mallorca","isPartOf":{"@id":"https:\/\/miranza.es\/en\/#website"},"primaryImageOfPage":{"@id":"https:\/\/miranza.es\/en\/international-patient-passeig-mallorca-no\/#primaryimage"},"image":{"@id":"https:\/\/miranza.es\/en\/international-patient-passeig-mallorca-no\/#primaryimage"},"thumbnailUrl":"https:\/\/miranza.es\/wp-content\/uploads\/2021\/09\/seguros-internacional.png","datePublished":"2021-09-17T11:16:58+00:00","dateModified":"2024-05-02T06:59:14+00:00","description":"Miranza Passeig Mallorca er den ledende internasjonale \u00f8yeklinikken i Mallorca. Spesialiserte \u00f8yeleger til din disposisjon","breadcrumb":{"@id":"https:\/\/miranza.es\/en\/international-patient-passeig-mallorca-no\/#breadcrumb"},"inLanguage":"en-US","potentialAction":[{"@type":"ReadAction","target":["https:\/\/miranza.es\/en\/international-patient-passeig-mallorca-no\/"]}]},{"@type":"ImageObject","inLanguage":"en-US","@id":"https:\/\/miranza.es\/en\/international-patient-passeig-mallorca-no\/#primaryimage","url":"https:\/\/miranza.es\/wp-content\/uploads\/2021\/09\/seguros-internacional.png","contentUrl":"https:\/\/miranza.es\/wp-content\/uploads\/2021\/09\/seguros-internacional.png"},{"@type":"BreadcrumbList","@id":"https:\/\/miranza.es\/en\/international-patient-passeig-mallorca-no\/#breadcrumb","itemListElement":[{"@type":"ListItem","position":1,"name":"Home","item":"https:\/\/miranza.es\/en\/"},{"@type":"ListItem","position":2,"name":"International patient &#8211; Passeig Mallorca NO"}]},{"@type":"WebSite","@id":"https:\/\/miranza.es\/en\/#website","url":"https:\/\/miranza.es\/en\/","name":"Miranza","description":"Somos tus centros de excelencia, especialistas en bienestar ocular. Estamos a tu lado, creando nuevos horizontes para seguir viendo.","publisher":{"@id":"https:\/\/miranza.es\/en\/#organization"},"potentialAction":[{"@type":"SearchAction","target":{"@type":"EntryPoint","urlTemplate":"https:\/\/miranza.es\/en\/?s={search_term_string}"},"query-input":{"@type":"PropertyValueSpecification","valueRequired":true,"valueName":"search_term_string"}}],"inLanguage":"en-US"},{"@type":"Organization","@id":"https:\/\/miranza.es\/en\/#organization","name":"Miranza","url":"https:\/\/miranza.es\/en\/","logo":{"@type":"ImageObject","inLanguage":"en-US","@id":"https:\/\/miranza.es\/en\/#\/schema\/logo\/image\/","url":"https:\/\/miranza.es\/wp-content\/uploads\/2024\/04\/logo-miranza.jpg","contentUrl":"https:\/\/miranza.es\/wp-content\/uploads\/2024\/04\/logo-miranza.jpg","width":600,"height":600,"caption":"Miranza"},"image":{"@id":"https:\/\/miranza.es\/en\/#\/schema\/logo\/image\/"},"sameAs":["https:\/\/www.facebook.com\/GrupoMiranza\/","https:\/\/x.com\/GrupoMiranza","https:\/\/www.instagram.com\/grupomiranza\/","https:\/\/www.linkedin.com\/company\/grupomiranza","https:\/\/www.youtube.com\/channel\/UCX2gEI-gOFCbPHZ7QSTkLYQ\/featured"]}]}},"_links":{"self":[{"href":"https:\/\/miranza.es\/en\/wp-json\/wp\/v2\/pages\/21188","targetHints":{"allow":["GET"]}}],"collection":[{"href":"https:\/\/miranza.es\/en\/wp-json\/wp\/v2\/pages"}],"about":[{"href":"https:\/\/miranza.es\/en\/wp-json\/wp\/v2\/types\/page"}],"author":[{"embeddable":true,"href":"https:\/\/miranza.es\/en\/wp-json\/wp\/v2\/users\/1"}],"replies":[{"embeddable":true,"href":"https:\/\/miranza.es\/en\/wp-json\/wp\/v2\/comments?post=21188"}],"version-history":[{"count":2,"href":"https:\/\/miranza.es\/en\/wp-json\/wp\/v2\/pages\/21188\/revisions"}],"predecessor-version":[{"id":80255,"href":"https:\/\/miranza.es\/en\/wp-json\/wp\/v2\/pages\/21188\/revisions\/80255"}],"wp:attachment":[{"href":"https:\/\/miranza.es\/en\/wp-json\/wp\/v2\/media?parent=21188"}],"curies":[{"name":"wp","href":"https:\/\/api.w.org\/{rel}","templated":true}]}}